{"id":386,"date":"2021-03-02T17:34:05","date_gmt":"2021-03-02T16:34:05","guid":{"rendered":"http:\/\/www.rybarikraskov.cz\/?page_id=386"},"modified":"2026-03-21T10:57:59","modified_gmt":"2026-03-21T09:57:59","slug":"386-2","status":"publish","type":"page","link":"https:\/\/www.rybarikraskov.cz\/index.php\/386-2\/","title":{"rendered":"Pro \u010dleny"},"content":{"rendered":"\n<h2 class=\"wp-block-heading\" style=\"font-size:20px\">\u010clensk\u00e9 platby<\/h2>\n\n\n\n<ul class=\"wp-block-list\">\n<li>\u010clensk\u00e9 p\u0159\u00edsp\u011bvky\n<ul class=\"wp-block-list\">\n<li>dosp\u011bl\u00ed <strong>700 K\u010d<\/strong><\/li>\n\n\n\n<li>dorost <strong>300 K\u010d<\/strong><\/li>\n\n\n\n<li>d\u011bti <strong>150 K\u010d<\/strong><\/li>\n<\/ul>\n<\/li>\n\n\n\n<li>Fond oprav\n<ul class=\"wp-block-list\">\n<li>dosp\u011bl\u00ed\/dorost <strong>500 K\u010d<\/strong><\/li>\n<\/ul>\n<\/li>\n\n\n\n<li>Povolenky\n<ul class=\"wp-block-list\">\n<li>dosp\u011bl\u00ed <strong>1 500 K\u010d<\/strong><\/li>\n\n\n\n<li>dorost <strong>1 300 K\u010d<\/strong><\/li>\n\n\n\n<li>d\u011bti <strong>300 K\u010d<\/strong><\/li>\n<\/ul>\n<\/li>\n\n\n\n<li>Brig\u00e1dy &#8211; od roku 2025\n<ul class=\"wp-block-list\">\n<li><strong>15 hodin<\/strong> \/ rok \/ \u010dlen<\/li>\n\n\n\n<li><strong>200 K\u010d <\/strong>\/ neodpracovan\u00e1 hodina <em><strong>*n\u00e1hrada za rok 2025 &#8211; platba a\u017e od 2026<\/strong><\/em><\/li>\n\n\n\n<li>brig\u00e1dn\u00ed povinnost kon\u010d\u00ed v roce, ve kter\u00e9m \u010dlen dos\u00e1hne <strong>64 let<\/strong> v\u011bku<\/li>\n\n\n\n<li>pro vyd\u00e1n\u00ed povolenky v dan\u00e9m roce je nutn\u00e9 splnit brig\u00e1dn\u00ed povinnost za <strong>p\u0159edchoz\u00ed rok<\/strong><\/li>\n\n\n\n<li>\u017eeny a dr\u017eitel\u00e9 ZTP jsou brig\u00e1dnick\u00e9 povinnosti zpro\u0161t\u011bni <\/li>\n\n\n\n<li><strong>ZTP a invalidn\u00ed d\u016fchodci III. stupn\u011b<\/strong> (pln\u00fd invalidn\u00ed d\u016fchod) jsou brig\u00e1d <strong>zcela zpro\u0161t\u011bni<\/strong><\/li>\n\n\n\n<li>\u010clenov\u00e9 s&nbsp;invalidn\u00edm <strong>I a II. stupn\u011b<\/strong> maj\u00ed povinnosti brig\u00e1d omezenou na <strong>8 hodin ro\u010dn\u011b<\/strong><\/li>\n<\/ul>\n<\/li>\n<\/ul>\n\n\n\n<ul class=\"wp-block-list\">\n<li>Upozorn\u011bn\u00ed: ryb\u00e1\u0159sk\u00e9 l\u00edstky vyd\u00e1v\u00e1 <strong>p\u0159\u00edslu\u0161n\u00fd obecn\u00ed \u00fa\u0159ad s roz\u0161\u00ed\u0159enou p\u016fsobnost\u00ed dle m\u00edsta bydli\u0161t\u011b!<\/strong><ul><li>ryb\u00e1\u0159i z T\u0159emo\u0161nice, Ronova n.\/D. a Se\u010de, v\u010d. m\u00edstn\u00edch \u010d\u00e1sti \u017e\u00e1daj\u00ed na \u00fa\u0159ad\u011b v T\u0159emo\u0161nici <\/li><\/ul>\n<ul class=\"wp-block-list\">\n<li>ryb\u00e1\u0159i z Prachovic \u017e\u00e1daj\u00ed o ryb.l\u00edstek na \u00fa\u0159ad\u011b v He\u0159manov\u011b M\u011bstci<\/li>\n\n\n\n<li>Pokud budete \u017e\u00e1dat o vyd\u00e1n\u00ed mimo sv\u016fj sp\u00e1dov\u00fd \u00fa\u0159ad, nebude V\u00e1m vyhov\u011bno. <\/li>\n<\/ul>\n<\/li>\n<\/ul>\n\n\n\n<p style=\"font-size:20px\"><strong>Slo\u017een\u00ed v\u00fdboru<\/strong> <strong>a dozor\u010dn\u00ed komise<\/strong><\/p>\n\n\n\n<ul class=\"wp-block-list\">\n<li><strong>V\u00fdbor MO<\/strong>\n<ul class=\"wp-block-list\">\n<li>V\u00e1clav Smutn\u00fd &#8211; p\u0159edseda<\/li>\n\n\n\n<li>Josef Hadrbolec &#8211; m\u00edstop\u0159edseda<\/li>\n\n\n\n<li>Mirosla Potm\u011b\u0161il &#8211; jednatel<\/li>\n\n\n\n<li>Milan Pol\u00e1k &#8211; ekonom<\/li>\n\n\n\n<li>Ji\u0159\u00ed Machota &#8211; hospod\u00e1\u0159<\/li>\n\n\n\n<li>Lubo\u0161 Kavensk\u00fd &#8211; z\u00e1stupce hospod\u00e1\u0159e<\/li>\n\n\n\n<li>Karel Lu\u0148\u00e1\u010dek &#8211; brig\u00e1dnick\u00fd referent<\/li>\n\n\n\n<li>Franti\u0161ek \u010cep &#8211; vedouc\u00ed ml\u00e1de\u017ee<\/li>\n\n\n\n<li>Ladislav Novotn\u00fd &#8211; \u010dlen v\u00fdboru<\/li>\n<\/ul>\n<\/li>\n\n\n\n<li><strong>Dozor\u010d\u00ed komise<\/strong>\n<ul class=\"wp-block-list\">\n<li>Ji\u0159\u00ed Mach\u00e1\u010dek &#8211; p\u0159edseda<\/li>\n\n\n\n<li>Milan Mich\u00e1lek<\/li>\n\n\n\n<li>Ladislav Novotn\u00fd <\/li>\n<\/ul>\n<\/li>\n<\/ul>\n\n\n\n<p><strong><em>Volebn\u00ed obdob\u00ed v\u00fdboru a dozor\u010d\u00ed komise kon\u010d\u00ed 14.2.2030.<\/em><\/strong><\/p>\n\n\n\n<p><a href=\"http:\/\/www.rybarikraskov.cz\/wp-content\/uploads\/2022\/03\/Organizacni-smernice-MO-CRS-Prachovice.pdf\"><strong>Organiza\u010dn\u00ed sm\u011brnice MO<\/strong><\/a> ( sepsan\u00e1 p\u0159ijat\u00e1 jednotliv\u00e1 usnesen\u00ed z V\u010cS a v\u00fdboru v jednom dokumentu)<\/p>\n","protected":false},"excerpt":{"rendered":"<p>\u010clensk\u00e9 platby Slo\u017een\u00ed v\u00fdboru a dozor\u010dn\u00ed komise Volebn\u00ed obdob\u00ed v\u00fdboru a dozor\u010d\u00ed komise kon\u010d\u00ed 14.2.2030. Organiza\u010dn\u00ed sm\u011brnice MO ( sepsan\u00e1 p\u0159ijat\u00e1 jednotliv\u00e1 usnesen\u00ed z V\u010cS a v\u00fdboru v jednom dokumentu)<\/p>\n","protected":false},"author":1,"featured_media":0,"parent":0,"menu_order":0,"comment_status":"closed","ping_status":"closed","template":"no-sidebar.php","meta":{"ngg_post_thumbnail":0,"footnotes":""},"class_list":["post-386","page","type-page","status-publish","hentry"],"_links":{"self":[{"href":"https:\/\/www.rybarikraskov.cz\/index.php\/wp-json\/wp\/v2\/pages\/386","targetHints":{"allow":["GET"]}}],"collection":[{"href":"https:\/\/www.rybarikraskov.cz\/index.php\/wp-json\/wp\/v2\/pages"}],"about":[{"href":"https:\/\/www.rybarikraskov.cz\/index.php\/wp-json\/wp\/v2\/types\/page"}],"author":[{"embeddable":true,"href":"https:\/\/www.rybarikraskov.cz\/index.php\/wp-json\/wp\/v2\/users\/1"}],"replies":[{"embeddable":true,"href":"https:\/\/www.rybarikraskov.cz\/index.php\/wp-json\/wp\/v2\/comments?post=386"}],"version-history":[{"count":16,"href":"https:\/\/www.rybarikraskov.cz\/index.php\/wp-json\/wp\/v2\/pages\/386\/revisions"}],"predecessor-version":[{"id":1092,"href":"https:\/\/www.rybarikraskov.cz\/index.php\/wp-json\/wp\/v2\/pages\/386\/revisions\/1092"}],"wp:attachment":[{"href":"https:\/\/www.rybarikraskov.cz\/index.php\/wp-json\/wp\/v2\/media?parent=386"}],"curies":[{"name":"wp","href":"https:\/\/api.w.org\/{rel}","templated":true}]}}